{"id":11535,"date":"2024-08-19T09:41:29","date_gmt":"2024-08-19T09:41:29","guid":{"rendered":"https:\/\/maelyneevolution.com\/?page_id=11535"},"modified":"2024-08-24T08:04:12","modified_gmt":"2024-08-24T08:04:12","slug":"integrale-livre-dor-cranio-faciale","status":"publish","type":"page","link":"https:\/\/maelyneevolution.com\/index.php\/integrale-livre-dor-cranio-faciale\/","title":{"rendered":"Int\u00e9grale livre d&rsquo;or &#8211; cranio-faciale"},"content":{"rendered":"\t\t<div data-elementor-type=\"wp-page\" data-elementor-id=\"11535\" class=\"elementor elementor-11535\">\n\t\t\t\t\t\t<section class=\"elementor-section elementor-top-section elementor-element elementor-element-ba353bc elementor-section-boxed elementor-section-height-default elementor-section-height-default\" data-id=\"ba353bc\" data-element_type=\"section\" data-settings=\"{&quot;background_background&quot;:&quot;classic&quot;}\">\n\t\t\t\t\t\t<div class=\"elementor-container elementor-column-gap-default\">\n\t\t\t\t\t<div class=\"elementor-column elementor-col-100 elementor-top-column elementor-element elementor-element-6ed5cd1\" data-id=\"6ed5cd1\" data-element_type=\"column\" data-settings=\"{&quot;background_background&quot;:&quot;classic&quot;}\">\n\t\t\t<div class=\"elementor-widget-wrap elementor-element-populated\">\n\t\t\t\t\t\t<div class=\"elementor-element elementor-element-0f3a006 eael-dual-header-content-align-center elementor-widget elementor-widget-eael-dual-color-header\" data-id=\"0f3a006\" data-element_type=\"widget\" data-widget_type=\"eael-dual-color-header.default\">\n\t\t\t\t<div class=\"elementor-widget-container\">\n\t\t\t\t\t\t<div class=\"eael-dual-header\">\n\t\t\t\t<h2 class=\"title eael-dch-title\"><span class=\"eael-dch-title-text eael-dch-title-lead lead solid-color\">Livre d'Or<\/span> <span class=\"eael-dch-title-text\">(int\u00e9grale)<\/span><\/h2>\t\t\t\t\t<span class=\"subtext\"><p>(Mis \u00e0 jour chaque lundi)<\/p><\/span>\n\t\t\t\t\t\t\t\t\t<span class=\"eael-dch-svg-icon\"><i aria-hidden=\"true\" class=\"fas fa-book-open\"><\/i><\/span>\t\t\t\t\t\t\t<\/div>\n\n\t\t\t\t<\/div>\n\t\t\t\t<\/div>\n\t\t\t\t<div class=\"elementor-element elementor-element-883d1e6 elementor-button-info elementor-align-center elementor-widget elementor-widget-button\" data-id=\"883d1e6\" data-element_type=\"widget\" data-widget_type=\"button.default\">\n\t\t\t\t<div class=\"elementor-widget-container\">\n\t\t\t\t\t<div class=\"elementor-button-wrapper\">\n\t\t\t<a class=\"elementor-button elementor-button-link elementor-size-sm\" href=\"https:\/\/maelyneevolution.com\/index.php\/integrale-livre-dor\/\">\n\t\t\t\t\t\t<span class=\"elementor-button-content-wrapper\">\n\t\t\t\t\t\t\t\t\t<span class=\"elementor-button-text\">Que pensent nos \u00e9l\u00e8ves de nos formations ?<\/span>\n\t\t\t\t\t<\/span>\n\t\t\t\t\t<\/a>\n\t\t<\/div>\n\t\t\t\t<\/div>\n\t\t\t\t<\/div>\n\t\t\t\t<div class=\"elementor-element elementor-element-00289a9 elementor-widget elementor-widget-text-editor\" data-id=\"00289a9\" data-element_type=\"widget\" data-widget_type=\"text-editor.default\">\n\t\t\t\t<div class=\"elementor-widget-container\">\n\t\t\t<style>\/*! elementor - v3.23.0 - 05-08-2024 *\/\n.elementor-widget-text-editor.elementor-drop-cap-view-stacked .elementor-drop-cap{background-color:#69727d;color:#fff}.elementor-widget-text-editor.elementor-drop-cap-view-framed .elementor-drop-cap{color:#69727d;border:3px solid;background-color:transparent}.elementor-widget-text-editor:not(.elementor-drop-cap-view-default) .elementor-drop-cap{margin-top:8px}.elementor-widget-text-editor:not(.elementor-drop-cap-view-default) .elementor-drop-cap-letter{width:1em;height:1em}.elementor-widget-text-editor .elementor-drop-cap{float:left;text-align:center;line-height:1;font-size:50px}.elementor-widget-text-editor .elementor-drop-cap-letter{display:inline-block}<\/style>\t\t\t\t<p>R\u00e9flexologie CRANIO-FACIALE<\/p>\t\t\t\t\t\t<\/div>\n\t\t\t\t<\/div>\n\t\t\t\t<div class=\"elementor-element elementor-element-8a53dae elementor-widget elementor-widget-image\" data-id=\"8a53dae\" data-element_type=\"widget\" data-widget_type=\"image.default\">\n\t\t\t\t<div class=\"elementor-widget-container\">\n\t\t\t<style>\/*! elementor - v3.23.0 - 05-08-2024 *\/\n.elementor-widget-image{text-align:center}.elementor-widget-image a{display:inline-block}.elementor-widget-image a img[src$=\".svg\"]{width:48px}.elementor-widget-image img{vertical-align:middle;display:inline-block}<\/style>\t\t\t\t\t\t\t\t\t\t<img fetchpriority=\"high\" decoding=\"async\" width=\"300\" height=\"225\" src=\"https:\/\/maelyneevolution.com\/wp-content\/uploads\/2021\/12\/v_mp4-300x225.jpg\" class=\"attachment-medium size-medium wp-image-2874\" alt=\"\" srcset=\"https:\/\/maelyneevolution.com\/wp-content\/uploads\/2021\/12\/v_mp4-300x225.jpg 300w, https:\/\/maelyneevolution.com\/wp-content\/uploads\/2021\/12\/v_mp4-768x576.jpg 768w, https:\/\/maelyneevolution.com\/wp-content\/uploads\/2021\/12\/v_mp4.jpg 1000w\" sizes=\"(max-width: 300px) 100vw, 300px\" \/>\t\t\t\t\t\t\t\t\t\t\t\t\t<\/div>\n\t\t\t\t<\/div>\n\t\t\t\t<div class=\"elementor-element elementor-element-6955def bdt-backdrop-filter-yes elementor-widget elementor-widget-text-editor\" data-id=\"6955def\" data-element_type=\"widget\" data-widget_type=\"text-editor.default\">\n\t\t\t\t<div class=\"elementor-widget-container\">\n\t\t\t\t\t\t\t<p>\u00ab\u00a0G\u00e9nialissime! J&rsquo;ai ador\u00e9! Je r\u00eave de recevoir moi-m\u00eame ce soin. D\u00e8s que cela touche le cr\u00e2no-facial les effets sont si fulgurants et efficaces. Merci pour tout ce protocole \u00e9tabli.\u00a0\u00bb (Katia)\u00a0\u00bb<\/p><p>\u00a0<\/p><p>\u00ab\u00a0Explications claires, sch\u00e9mas tr\u00e8s explicites et informations compr\u00e9hensibles, tr\u00e8s bonne formation. Je suis satisfaite de tous les modules et j\u2019ai l\u2019intention d\u2019en prendre d\u2019autres brillamment pr\u00e9sent\u00e9es par Marilyne Evolution. Merci beaucoup pour ce bon moment d\u2019apprentissage enrichissant et agr\u00e9able.\u00a0\u00bb (Franckine)<\/p><p>\u00a0<\/p><p>\u00ab\u00a0Les cours sont tr\u00e8s bien expliqu\u00e9 et compr\u00e9hensible j&rsquo;ai exercer les cours sur ma m\u00e8re qui \u00e9tait tr\u00e8s contente elle m&rsquo;a dit que jetai dou\u00e9e et que j&rsquo;avais du fluide J&rsquo;ai beaucoup aimer les cours merci \u00a0\u00bb (Sol\u00e8ne)<\/p><p>\u00a0<\/p><p>\u00a0\u00bb Tr\u00e8s bonne formation enrichissante. Le cours est tr\u00e8s bien expliqu\u00e9 comme s l&rsquo;on \u00e9tait en pr\u00e9sentiel dans les moindres d\u00e9tails. Merci beaucoup\u00a0\u00bb (Maryline)<\/p><p>\u00a0<\/p><p>\u00ab\u00a0Je vous remercie pour cette formation. J&rsquo;ai appris beaucoup de concepts importants, notamment sur la mani\u00e8re de stimuler les diff\u00e9rents tissus du corps (les os peuvent \u00eatre mass\u00e9s !). Le protocole est tr\u00e8s efficace pour r\u00e9gularise la circulation du sang, de la lymphe, d&rsquo;apr\u00e8s mes observations, avec des r\u00e9sultats visibles d\u00e8s la r\u00e9alisation du protocole. Il me parait important de pratiquer pour affiner le toucher et la pression. Il m&rsquo;a \u00e9t\u00e9 difficile de m&rsquo;adapter \u00e0 une peau \u00e2g\u00e9e, j&rsquo;ai essay\u00e9 de ne pas tirer sur la peau d\u00e9j\u00e0 fragile. Merci pour toutes ces vid\u00e9o, c&rsquo;est mieux qu&rsquo;une formation en pr\u00e9sentielle car je peux aller \u00e0 ma vitesse quand j&rsquo;ai du temps.\u00a0\u00bb (Nathalie)<\/p><p>\u00a0<\/p><p>\u00a0\u00bb Merci pour ces apports autant th\u00e9oriques que pratiques. La formation est claire, concise, pr\u00e9cise et va droit au but afin de nous permettre d&rsquo;apprendre et de reproduire les gestes n\u00e9cessaires \u00e0 ce protocole. Elle m&rsquo;a r\u00e9ellement permise de mettre un premier \u00ab\u00a0pied\u00a0\u00bb dans cette profession. Elle nous permet de faire un vrai premier lien entre gestes et apports au niveau du corps tout entier.\u00a0\u00bb (\u00c9milie)<\/p><p>\u00a0<\/p><p>\u00ab\u00a0J&rsquo;ai bien aim\u00e9 la qualit\u00e9 et la clart\u00e9 des cours, les vid\u00e9os de tr\u00e8s bonne qualit\u00e9. J&rsquo;ai d\u00e9j\u00e0 suivi une formation en amma assis dans un centre de formation et non en ligne et je peux dire que vraiment vos cours sont tr\u00e8s bien fait et beaucoup moins on\u00e9reux ! Si je dois apport\u00e9 un b\u00e9mol, j&rsquo;aurais aim\u00e9 davantage de temps pour faire et refaire les mouvements avec la vid\u00e9o m\u00eame si on a toujours les supports de cours papier, c&rsquo;est plus ludique ! Ceci dit, j&rsquo;ai pris beaucoup de plaisir \u00e0 suivre ce protocole th\u00e9orique et pratique. Merci !\u00a0\u00bb (Sylvie)<\/p><p>\u00a0<\/p><p>\u00ab\u00a0Je suis stup\u00e9faite par la richesse de ce cours ! Tout est tellement bien d\u00e9taill\u00e9, nous n&rsquo;avons pas l&rsquo;impression de faire les choses au hasard ou de suivre un protocole aveuglement car tout est expliqu\u00e9 \u00e0 la perfection. J&rsquo;ai h\u00e2te de pratiquer d\u00e9sormais !\u00a0\u00bb (Iris)<\/p><p>\u00a0<\/p><p>\u00ab\u00a0Apres avoir fait une formation en pr\u00e9sentiel avec une formatrice, il me manquait beaucoup de choses ; et j&rsquo;ai trouv\u00e9 tout ce dont j&rsquo;avais besoin dans vos cours &#8230; tr\u00e8s bien expliqu\u00e9s, avec des belles d\u00e9mo a l&rsquo;appui, alors Merci !\u00a0\u00bb (Genevi\u00e8ve)<\/p><p>\u00a0<\/p><p>\u00a0\u00bb J&rsquo;ai trouv\u00e9 cette formation super interessante, j&rsquo;ai d\u00e9j\u00e0 fait la r\u00e9flexologie plantaire, mais celle ci je la trouve plus \u00ab\u00a0complexe\u00a0\u00bb, plus compl\u00e8te, il y a vraiment beaucoup plus de choses \u00e0 savoir, que \u00e7a soit l&rsquo;ordre du protocole, les passages des doigts, le nombre de r\u00e9p\u00e9titions etc, mais je pense qu&rsquo;avec de la pratique r\u00e9guli\u00e8re on arrive a prendre le pli ! les vid\u00e9os sont top, on a l&rsquo;impression de se d\u00e9tendre en m\u00eame temps :p Formation tr\u00e8s enrichissante \ud83d\ude42 Merci \u00e0 vous, bonne continuation, et peut \u00eatre a bient\u00f4t pour une nouvelle formation avec vous !\u00a0\u00bb (M\u00e9lanie)<\/p><p>\u00a0<\/p><p>\u00ab\u00a0Ce cours m&rsquo;a appris \u00e9norm\u00e9ment sur le fonctionnement du corps, sa r\u00e9activit\u00e9 aux diff\u00e9rents stimulus, comment se d\u00e9tendre, apprendre \u00e0 \u00e9couter son corps&#8230;. C&rsquo;est un plus pour moi, dans mes apprentissages dans le domaine de la sant\u00e9 et du bien-\u00eatre . Tr\u00e8s bonne formation, la professeur est tr\u00e8s douce et explique bien comme il faut!\u00a0\u00bb (Soundouss)<\/p><p>\u00a0<\/p><p>\u00ab\u00a0J ai trouv\u00e9 cette formation bien construite et tr\u00e8s enrichissante. En effet, d\u00e9marrer par un historique et une d\u00e9composition du pourquoi, ce protocole m&rsquo;est apparu important. La d\u00e9composition de la partie pratique tout autant bien faite, va me permettre justement \u00ab\u00a0pas \u00e0 pas\u00a0\u00bb de m&rsquo;approprier ce protocole qui fera bien des heureux ! Avec mes remerciements pour cette instruction. \u00a0\u00bb (Marie)<\/p><p>\u00a0<\/p><p>\u00ab\u00a0Comme toutes les autres formations en r\u00e9flexologie que j ai pu faire, je me plonge facilement dans les divers supports vid\u00e9os propos\u00e9s, tr\u00e8s complets et enrichissants. Cela permet vraiment de r\u00e9pondre aux besoins des autres, de la client\u00e8le en fonction de l&rsquo;endroit o\u00f9 la r\u00e9flexologie est le plus adapt\u00e9e sur la personne (pieds, mains ou cr\u00e2nienne). J&rsquo;ai vraiment eu plaisir d&rsquo;apprendre cette technique et de pouvoir perfectionner mes connaissances. Merci maelyne \u00e9volution\u00a0\u00bb (H\u00e9l\u00e8ne)<\/p><p>\u00a0<\/p><p>\u00ab\u00a0Les cours sont d\u00e9taill\u00e9s, les gestes lents et bien film\u00e9s. La th\u00e9orie est elle aussi tr\u00e8s int\u00e9ressante et constructive. Je suis vraiment press\u00e9e de mettre en application tout ce que j&rsquo;ai pu voir pendant cette formation. Vivement la prochaine Formation\u00a0\u00bb (Charline)<\/p><p>\u00a0<\/p><p>\u00ab\u00a0Bonjour, Je suis r\u00e9flexologue plantaire avec un certificat obtenu en Novembre 2021, apr\u00e8s une formation avec l&rsquo;\u00e9cole E.T.R.E. en pr\u00e9sentiel, et cette formation que je viens de suivre avec votre cours est un compl\u00e9ment parfait pour moi. J&rsquo;ai trouv\u00e9 le parcours : clair, bien expliqu\u00e9, agr\u00e9able et tr\u00e8s int\u00e9ressant. Je suis ravie d&rsquo;avoir suivi ce cours. Je le recommanderais aux personnes qui auront envie d&rsquo;apprendre la R\u00e9flexologie Cr\u00e2nio-Faciale. Merci beaucoup !\u00a0\u00bb (Martine)<\/p><p>\u00a0<\/p><p>\u00ab\u00a0C&rsquo;est ma deuxi\u00e8me formation avec Maelyne formation , la premi\u00e8re \u00e9tant le SHIATSU DETENTE que je pratique r\u00e9guli\u00e8rement Les formations de Maelyne sont riches, compl\u00e8tes et facilement assimilables avec des vid\u00e9os courtes et tr\u00e8s bien expliqu\u00e9es J&rsquo;ai h\u00e2te de mettre en pratique cette formation Je la conseille \u00e0 tout le monde Merci pour cet enrichissement\u00a0\u00bb (Carine)<\/p><p>\u00a0<\/p><p>\u00ab\u00a0J&rsquo;ai vraiment ador\u00e9 sinc\u00e8rement ! J&rsquo;ai appris beaucoup de choses. Ces cours m&rsquo;ont beaucoup enrichie . Ils sont tr\u00e8s bien expliqu\u00e9s et complets. Vraiment merci beaucoup! Cette formation va beaucoup venir completer parfaitement mon m\u00e9tier d&rsquo;art th\u00e9rapeute et professeure de yoga. Encore mille fois merci pour votre enseignement.\u00a0\u00bb (Amandine)<\/p><p>\u00a0<\/p><p>\u00ab\u00a0J&rsquo;avais suivi la formation en r\u00e9flexologie palmaire qui m&rsquo;avait totalement satisfaite et qui a \u00e9galement satisfaite les personnes sur lesquelles j&rsquo;ai r\u00e9alis\u00e9 le protocole. C&rsquo;est donc sans h\u00e9siter que j&rsquo;ai suivi la formation en r\u00e9flexologie cr\u00e2nio-faciale. Bravo \u00e0 Sylvie pour son formidable travail !<\/p><p>\u00a0<\/p><p>Le plus, c&rsquo;est qu&rsquo;en cas de questions elle est facilement joignable par mail, tr\u00e8s r\u00e9active, et r\u00e9pond \u00e0 nos moindres interrogations en toute bienveillance. Je conseille vivement ses formations ! \u00a0\u00bb (Val\u00e9rie)<\/p><p>\u00a0<\/p><p>\u00ab\u00a0J&rsquo;ai ador\u00e9 !!! La m\u00e9thode d&rsquo;enseignement me convient parfaitement. Les cours th\u00e9oriques sont pr\u00e9cis et illustr\u00e9s de fa\u00e7on tr\u00e8s ludique. C&rsquo;est comme cela que j&rsquo;aime apprendre. Le PDF du protocole est tr\u00e8s bien con\u00e7u et d\u00e9taill\u00e9 de fa\u00e7on \u00e0 pouvoir se reporter \u00e0 chaque geste. Merci Maelyne\u00a0\u00bb (Laurence)<\/p><p>\u00a0<\/p><p>\u00ab\u00a0Ce parcours est tr\u00e8s riche et bien d\u00e9taill\u00e9, ce qui m\u2019a permis de me former d&rsquo;une mani\u00e8re professionnelle pour ce type de r\u00e9flexologie\u00a0\u00bb (Imane)<\/p><p>\u00a0<\/p><p>\u00a0\u00bb J&rsquo;ai trouv\u00e9 cette formation tr\u00e8s compl\u00e8te et adapt\u00e9e. j&rsquo;ai ador\u00e9 les petits films et la s\u00e9ance compl\u00e8te. tout est bien expliqu\u00e9, sinc\u00e8rement, j&rsquo;ai trouv\u00e9 cette formation tr\u00e8s agr\u00e9able.\u00a0\u00bb (Fr\u00e9d\u00e9rique)<\/p><p>\u00a0<\/p><p>\u00ab\u00a0J&rsquo;ai ador\u00e9 cette formation cr\u00e2nio faciale qui finalise celle commenc\u00e9e en 2017, la r\u00e9flexologie plantaire puis plus tard la r\u00e9flexologie palmaire. L&rsquo;\u00e9volution constante de la qualit\u00e9 des supports et des explications est un vrai gage du professionnalisme de Sylvie. Un grand merci pour ce parcours de 3 cycles ! \u00a0\u00bb (Karine)<\/p><p>\u00a0<\/p><p>\u00ab\u00a0Super cette r\u00e9flexologie cr\u00e2nio faciale ! Je suis praticienne en massage bien-\u00eatre et je vous avoue que j&rsquo;\u00e9tais un peu r\u00e9ticente sur les formations en ligne, et franchement je suis \u00e9clat\u00e9e avec la v\u00f4tre ! Je trouve que cela est bien adapt\u00e9, cela nous laisse libre de suivre cette formation \u00e0 n&rsquo;importe quel moment. Je vous avoue que j&rsquo;ai eu du mal \u00e0 d\u00e9crocher une fois que je suis lanc\u00e9e. Je trouve que cela est bien expliqu\u00e9, les vid\u00e9os sont bien faites comme si on y \u00e9tait, et le prix vraiment sympa! C&rsquo;\u00e9tait super ! Un grand merci \u00a0\u00bb (Meriem)<\/p><p>\u00a0<\/p><p>\u00ab\u00a0Tr\u00e8s riche, enrichissant, j&rsquo;ai appris l&rsquo;anatomie du visage. quant \u00e0 la technique, je pratiquais les mouvements d\u00e9j\u00e0 dans mes massages, mais sans savoir que \u00e7a s&rsquo;apparentait \u00e0 la r\u00e9flexologie cranio faciale. merci pour ce cours vraiment tr\u00e8s bien, tr\u00e8s bien expliqu\u00e9, complet. H\u00e2te de le proposer \u00e0 mes clients\u00a0\u00bb (Samira)<\/p><p>\u00a0<\/p><p>\u00ab\u00a0Toutes les vid\u00e9os sont g\u00e9niales ainsi que toutes les explications. Tout est bien d\u00e9taill\u00e9 et tr\u00e8s bien film\u00e9. La musique est tr\u00e8s apaisante. En gros j&rsquo;ai ador\u00e9 suivre ce cours cr\u00e2nio-facial et h\u00e2te de tout mettre en pratique. Merci\u00a0\u00bb (Shirley)<\/p><p>\u00a0<\/p><p>\u00ab\u00a0J&rsquo;ai beaucoup aim\u00e9 ce protocole cr\u00e2nio faciale, le fait de tout d\u00e9cortiquer pas \u00e0 pas et les rappels d&rsquo;anatomie je pense sont primordiaux. J&rsquo;ai ador\u00e9 cette formation qui compl\u00e8te bien les formations r\u00e9flexologie plantaire et palmaire mais \u00e9galement la formation massage liftant du visage et du cou.\u00a0\u00bb (Carolina)<\/p><p>\u00a0<\/p><p>\u00ab\u00a0Sinc\u00e8rement un grand bravo pour la r\u00e9alisation de ce cours en r\u00e9flexologie cr\u00e2nio faciale. Tous les modules sont passionnants, int\u00e9ressants et tr\u00e8s bien expliqu\u00e9s. Le pas \u00e0 pas est vraiment bien d\u00e9taill\u00e9, aucun risque de se tromper, surtout avec l&rsquo;aide m\u00e9moire en plus. Encore merci \u00e0 vous.\u00a0\u00bb (Julie)<\/p><p>\u00a0<\/p><p>\u00ab\u00a0Comme d&rsquo;habitude, un r\u00e9gal ! J&rsquo;ai vraiment appr\u00e9ci\u00e9 cette formation cr\u00e2nio faciale, et surtout le fait de combiner la r\u00e9flexo faciale, l&rsquo;auriculoth\u00e9rapie et de la douceur et du bien-\u00eatre ! Merci pour ce travail fourni et riche !\u00a0\u00bb (Cannelle)<\/p><p>\u00a0<\/p><p>\u00ab\u00a0J&rsquo;ai beaucoup aim\u00e9 ce protocole cr\u00e2nio faciale, le fait de tout d\u00e9cortiquer pas \u00e0 pas et les rappels d&rsquo;anatomie je pense sont primordiaux. J&rsquo;ai ador\u00e9 cette formation qui compl\u00e8te bien les formations r\u00e9flexologie plantaire et palmaire mais \u00e9galement la formation massage liftant du visage et du cou.\u00a0\u00bb (Carolina)<\/p><p>\u00a0<\/p><p>\u00ab\u00a0Tr\u00e8s bonne pedagogie, cet e-learning est vraiment de grande qualit\u00e9\u00a0\u00bb (Robert)<\/p><p>\u00a0<\/p><p>\u00ab\u00a0Tr\u00e8s bon cours, c&rsquo;est le 2\u00e8me que je fais avec Maelyne formation, toujours aussi satisfaite de la qualit\u00e9 des cours, vid\u00e9os, et explications. C&rsquo;est tellement clair que \u00e7a en parait simple \ud83d\ude42 Un vrai bonheur de suivre les formations avec vous. Merci beaucoup !!!\u00a0\u00bb (Ornella)<\/p><p>\u00a0<\/p><p>\u00ab\u00a0je m attendais \u00e0 ce que le cours soit plus difficile, avec des points en veux-tu en voila avec une cartographie imbuvable. J ai vraiment \u00e9t\u00e9 surpris de la simplicit\u00e9 des gestes et de la facilit\u00e9 a mettre en place. Je n ai pas encore assez de recul sur le r\u00e9sultat \u00e0 long terme, mais en ce qui concerne la d\u00e9tente c&rsquo;est efficace. A proprement parl\u00e9 du cours, je le trouve tr\u00e8s claire, tr\u00e8s bonne explication, de bonne base ( \u00e9tant infirmier \u00e0 l origine le minimum a savoir en anath et physio y est!) Les vid\u00e9os sont claires, on y voit bien les gestes et la posture \u00e0 avoir. (&#8230;) Bref, j ai ador\u00e9 ce cours. Je le recomanderais sans probl\u00e8me. et pourquoi pas refaire une autre formation avec vous d\u00e8s que l occasion se pr\u00e9sente. Encore merci !!!\u00a0\u00bb\u00a0\u00bb (Jean claude)<\/p><p>\u00a0<\/p><p>\u00ab\u00a0Tr\u00e8s bons modules, les explications sont claires. Le film est de tr\u00e8s bonne qualit\u00e9 ainsi que la voix off . (&#8230;). Merci pour cette formation, il me faut maintenant r\u00e9viser et surtout pratiquer l\u2019entra\u00eenement pour bien assimiler les protocoles. Je vais me procurer les vid\u00e9os du cours. Merci \u00e0 vous\u00a0\u00bb (Corinne)<\/p><p>\u00a0<\/p><p>\u00ab\u00a0Merci pour la pr\u00e9cision des cours, le professionnalisme ce , qui me permet de r\u00e9aliser ces massage avec fluidit\u00e9, facilit\u00e9. La pr\u00e9sentation de ces cours est tr\u00e8s motivante, le support papier est ponctu\u00e9 d&rsquo;une mine d&rsquo;informations avec des sch\u00e9mas tr\u00e8s ludiques. (Nicole)<\/p><p>\u00a0<\/p><p>\u00ab\u00a0Excellente formation cette cr\u00e2nio faciale&#8230; je l&rsquo;attendais avec impatience. Je tiens \u00e0 vous dire bravo, tr\u00e8s claire avec des graphisme complets et tr\u00e8s pr\u00e9cis, je la trouve bien plus compl\u00e8te que la palmaire ou la plantaire ! Encore une fois je suis ravie d&rsquo;avoir pass\u00e9 une de vos formations (&#8230;) merci merci merci de ce merveilleux partage !\u00a0\u00bb (Gina)<\/p><p>\u00a0<\/p><p>\u00ab\u00a0Ce cours Cr\u00e2nio facial est tr\u00e8s int\u00e9ressant, avec de magnifiques sch\u00e9mas qui sont tr\u00e8s descriptifs, en ad\u00e9quation avec les vid\u00e9os, permettant de bien comprendre les gestes \u00e0 pratiquer. De plus les cours sur l&rsquo;anatomie sont plut\u00f4t complets, et permettent d&rsquo;apprendre ou de revoir de nombreuses informations. Merci pour cette formation que j&rsquo;esp\u00e8re mettre en pratique sur mes proches tr\u00e8s bient\u00f4t&#8230;\u00a0\u00bb (Sandrine)<\/p><p>\u00a0<\/p><p>\u00ab\u00a0Bonjour, J&rsquo;ai trouv\u00e9e le cours cr\u00e2nio facial tr\u00e8s clair et le protocole tr\u00e8s complet. Cela \u00e0 \u00e9t\u00e9 un plaisir de suivre cette formation . Une mine d&rsquo;information pour se parfaire dans cette profession. Merci beaucoup\u00a0\u00bb(Carole)<\/p><p>\u00a0<\/p><p>\u00ab\u00a0Ce parcours m&rsquo;a permis de d\u00e9couvrir des choses incroyables sur le crane, le visage et les oreilles. En travaillant des points sp\u00e9cifiques sur le crane, visage et oreilles nous pouvons soulager d&rsquo;autres parties du corps. Un formation riche en information, tr\u00e8s bien expliqu\u00e9 qui nous permet de bien nous pr\u00e9parer.\u00a0\u00bb (Meriem)<\/p><p>\u00a0<\/p><p>\u00ab\u00a0Sinc\u00e8rement un grand bravo pour la r\u00e9alisation de ce cours en r\u00e9flexologie cr\u00e2nio faciale. Tous les modules sont passionnants, int\u00e9ressants et tr\u00e8s bien expliqu\u00e9s. Le pas \u00e0 pas est vraiment bien d\u00e9taill\u00e9, aucun risque de se tromper, surtout avec l&rsquo;aide m\u00e9moire en plus. Encore merci \u00e0 vous.\u00a0\u00bb (Julie)<\/p><p>\u00a0<\/p><p>\u00ab\u00a0Je trouve cette formation vraiment int\u00e9ressante, on y apprend pas \u00e0 pas une nouvelle technique et surtout comment bien se positionner pour ne pas se faire mal nous-m\u00eame, on en apprend plus sur les bienfaits de l&rsquo;huile de s\u00e9same bio ainsi que des bols kansu que je ne connaissais pas jusqu&rsquo;\u00e0 pr\u00e9sent, je ne savais pas non plus qu&rsquo;il existait trois dosha , donc formation vraiment tr\u00e8s int\u00e9ressante et assez rapide je pense partir sur une nouvelle formation d&rsquo;ici peu de temps\u00a0\u00bb (C\u00e9lia)<\/p><p>\u00a0<\/p><p>\u00ab\u00a0Formation cr\u00e2nio faciale tr\u00e8s int\u00e9ressante &#8211; La qualit\u00e9 des vid\u00e9os est encore une fois excellente ce qui facilite beaucoup le processus d&rsquo;apprentissage. M\u00eame si ce cours est tr\u00e8s intense entre la th\u00e9orie (complexe) et la pratique (il faut \u00eatre tr\u00e8s minutieux et pr\u00e9cis), l&rsquo;enchainement est tr\u00e8s bien structur\u00e9 et expliqu\u00e9, merci Maelyne \ud83d\ude42\u00a0\u00bb (Anne Laure)<\/p><p>\u00a0<\/p><p>\u00ab\u00a0Je suis ravie, cette formation est tr\u00e8s agr\u00e9able \u00e0 suivre, tout comme celle de la r\u00e9flexologie palmaire. Ces 2 formations sont compl\u00e9mentaires, elles sont claires et p\u00e9dagogiques. Merci \ud83d\ude42 C&rsquo;est tr\u00e8s motivant, je souhaiterais aller plus loin dans ces formations et notamment, suivre celle aux massages aux huiles chaudes le mois prochain \ud83d\ude42\u00a0\u00bb (Karine)<\/p><p>\u00a0<\/p><p>\u00ab\u00a0Cette formation (Cr\u00e2nio faciale) est tr\u00e8s enrichissante, aussi bien en connaissance qu&rsquo;en pratique. C&rsquo;est tr\u00e8s bien expliqu\u00e9 et \u00e0 la port\u00e9e de tout le monde. Merci pour cet apprentissage.\u00a0\u00bb (Florinda)<\/p><p>\u00a0<\/p><p>\u00ab\u00a0Le d\u00e9coupage du cours cranio facial est tr\u00e8s bien construit, et aborde de mani\u00e8re compl\u00e8te, les diff\u00e9rents aspects, dans un ordre logique qui facilite la compr\u00e9hension et l&rsquo;assimilation. Les vid\u00e9os sont bien faites, les commentaires sont bien dos\u00e9s, les images d\u00e9composent clairement les gestes, les illustrations (du cahier) compl\u00e8tent parfaitement chaque paragraphe. De plus, ce cours enseigne \u00e9norm\u00e9ment de choses sur l&rsquo;anatomie, les organes et fonctions, les rapports et les liaisons entre le physique et le mental, l&rsquo;aspect \u00e9motionnel&#8230;en plus des techniques et protocoles. Le paragraphe des pr\u00e9curseurs et origines de la m\u00e9thode est int\u00e9ressant et bon \u00e0 savoir. Les conseils, recommandations, mise en garde, contre indications sont \u00e9galement appr\u00e9ciables et n\u00e9cessaires. Dans l&rsquo;ensemble je suis tr\u00e8s satisfaite d&rsquo;avoir re\u00e7u ces cours.\u00a0\u00bb (Anita)<\/p><p>\u00a0<\/p><p>\u00ab\u00a0Je suis vraiment satisfaite de cette formation cranio faciale. Je ne m&rsquo;attendais pas a avoir autant de vid\u00e9o notamment sur l&rsquo;anatomie. Ayant un CAP esth\u00e9tique j&rsquo;ai ces mentions la, mais vous apportez plus de pr\u00e9cisions. Le protocole d\u00e9coup\u00e9 en \u00ab\u00a0pas \u00e0 pas\u00a0\u00bb est vraiment tr\u00e8s agr\u00e9able et permet de visualiser correctement chaque partie. (&#8230;) Je recommanderai vivement votre centre de formation. Merci beaucoup\u00a0\u00bb (Lucie)<\/p><p>\u00a0<\/p><p>\u00ab\u00a0Merci beaucoup pour cette magnifique entr\u00e9e en mati\u00e8re, bien pr\u00e9sent\u00e9, bien film\u00e9. j&rsquo;ai d\u00e9j\u00e0 pu tester cette r\u00e9flexologie cranio faciale sur une amie qui a \u00e9t\u00e9 enchant\u00e9e, c&rsquo;est formidable.\u00a0\u00bb (Marie)<\/p><p>\u00a0<\/p><p>\u00ab\u00a0Je suis tr\u00e8s heureux d&rsquo;avoir pris, un peu par curiosit\u00e9 initiale, cette initiative de suivre ce parcours (en r\u00e9flexologie cr\u00e2nio faciale) aff\u00e9rent \u00e0 ce domaine d&rsquo;activit\u00e9 dont je suis professionnellement tr\u00e8s \u00e9loign\u00e9&#8230; Ce cours dense, complet, agr\u00e9able \u00e0 suivre, bien men\u00e9 et parfaitement organis\u00e9 dans sa progression est tr\u00e8s enrichissant. Maintenant, pour moi, il ne manque plus que la pratique compl\u00e8te du protocole sur ma conjointe et mes enfants qui d&rsquo;ores et d\u00e9j\u00e0 sont demandeurs ! Vraiment grand merci \u00e0 vous et votre \u00e9quipe de proposer en e-learning un parcours de formation aussi riche, solide et complet.\u00a0\u00bb (David)<\/p><p>\u00a0<\/p><p>\u00ab\u00a0Je suis ravie de cette formation craniofaciale.\u00a0 Tout est tr\u00e8s bien expliqu\u00e9 et les gestes sont bien compr\u00e9hensibles&#8230;\u00a0 Je savais pas qu&rsquo;on pouvait par de simples gestes soulager autant notre corps.\u00a0 merci beaucoup pour cette formation, Et je pense en faire d&rsquo;autres\u00a0\u00bb (Audrey)<\/p><p>\u00a0<\/p><p>\u00ab\u00a0Excellent cours en r\u00e9flexologie plantaire, tr\u00e8s bien con\u00e7u et clair, comme les deux autres cours que j&rsquo;ai suivis (palmaire et cr\u00e2nio-faciale). Merci encore pour votre comp\u00e9tence et votre gentillesse. Je vous recommande chaudement \u00e0 tous mes amis qui me parlent du sujet\u00a0\u00bb (Michel)\u00a0\u00bbJe trouve que ce cours en r\u00e9flexologie cr\u00e2nio faciale est vraiment complet. Il y a la th\u00e9orie pour comprendre les enjeux physiques et psychiques. Et la pratique est super pr\u00e9cise que ce soit dans les gestes ou leurs explications et leurs effets sur les zones.\u00a0\u00bb (Ga\u00eblle)<\/p><p>\u00a0<\/p><p>\u00ab\u00a0Formation tr\u00e8s compl\u00e8te et d\u00e9taill\u00e9e. L\u2019ensemble est tellement int\u00e9ressant et enrichissant ! Je suis heureuse d\u2019avoir suivi cette formation et pr\u00eate \u00e0 proposer la r\u00e9flexologie cranio-faciale et auriculaire \u00e0 mes clients \ud83d\ude42 Merci beaucoup !\u00a0\u00bb (Marie)<\/p><p>\u00a0<\/p><p>\u00ab\u00a0Sinc\u00e8rement la meilleure formation que j&rsquo;ai pu suivre ! les enseignement th\u00e9oriques et les pratiques (R\u00e9flexologie cr\u00e2nio faciale) les vid\u00e9os sont tr\u00e8s claires, compr\u00e9hensibles et parfaitement tim\u00e9s. (&#8230;). Et votre tarif sort du lot car tr\u00e8s abordable. Merci vraiment.\u00a0\u00bb (Dominique)<\/p><p>\u00a0<\/p><p>\u00ab\u00a0J&rsquo;ai sinc\u00e8rement ador\u00e9 cette formation. J&rsquo;ai effectu\u00e9 les 3 r\u00e9flexologies et je les trouve tr\u00e8s compl\u00e9mentaires et tr\u00e8s facilement accessibles. Gr\u00e2ce \u00e0 vous, j&rsquo;am\u00e9liore mon hygi\u00e8ne de vie et celle de mes proches. Mille mercis et certainement \u00e0 bient\u00f4t pour d&rsquo;autres formations bien-\u00eatre\u00a0\u00bb (S\u00e9verine)<\/p><p>\u00a0<\/p><p>\u00ab\u00a0Cours tr\u00e8s int\u00e9ressant, tr\u00e8s d\u00e9taill\u00e9 qui permet d&rsquo;acqu\u00e9rir une bonne visualisation du soins. Etant infirmi\u00e8re de m\u00e9tier, je trouve les cours tr\u00e8s ludique et en ad\u00e9quation avec mes connaissances. Juste parfait. Prochaine \u00e9tape formation r\u00e9flexologie palmaire et plantaire chez vous\u00a0\u00bb (Imelda)<\/p><p>\u00a0<\/p><p>\u00ab\u00a0Grand merci \u00e0 vous pour cette formation en r\u00e9flexologie cr\u00e2nio faciale, tr\u00e8s compl\u00e8te, bien organis\u00e9e, tr\u00e8s int\u00e9ressante, (&#8230;) il me reste quelques jours pour la finir, et la finir consciencieusement et bien. J&rsquo;esp\u00e8re y parvenir. D&rsquo;ores et d\u00e9j\u00e0, je me permets de vous remercier pour la haute qualit\u00e9 de cette offre de formation, th\u00e9orique et pratique, je vous en f\u00e9licite sinc\u00e8rement.\u00a0\u00bb (David)<\/p><p>\u00a0<\/p><p>\u00ab\u00a0La partie th\u00e9orie est tr\u00e8s int\u00e9ressante. Les cours sur l&rsquo;anatomie sont complets et tr\u00e8s bien expliqu\u00e9s. Les vid\u00e9os sur la pratique sont tr\u00e8s explicites et nous permettent de bien d\u00e9marrer dans la r\u00e9flexologie cranio faciale. Cette formation est tr\u00e8s riche en connaissances tout en restant simple \u00e0 assimiler. Nous repartons avec une bonne approche sur la r\u00e9flexologie cranio faciale auriculaire reste plus qu&rsquo;\u00e0 mettre en pratique ces connaissances.\u00a0\u00bb (Marie-paule)<\/p><p>\u00a0<\/p><p>\u00ab\u00a0Les vid\u00e9os cr\u00e2nio faciales sont claires et bien film\u00e9es, le rythme est adaptable \u00e0 chacun. Chaque mouvements est bien expliqu\u00e9 Je me suis sentie bien accompagn\u00e9e malgr\u00e9 que nous soyons en distanciel. Il est important de s&rsquo;approprier chaque mouvement \u00e0 notre rythme et c est possible avec cette m\u00e9thode Chacun s&rsquo;organise comme il veut et c&rsquo;est tr\u00e8s pratique\u00a0\u00bb (Muriel)<\/p><p>\u00a0<\/p><p>\u00ab\u00a0Tr\u00e8s bien pratiqu\u00e9, en douceur et bienveillance. Extraordinaire! Dans la partie pratique. Partie technique, support tr\u00e8s bien fait et explicite. J&rsquo;ai beaucoup aim\u00e9 cette belle formation cr\u00e2nio-faciale. Merci infiniment.\u00a0\u00bb (Nelly)<\/p><p>\u00a0<\/p><p>\u00ab\u00a0J&rsquo;ai ador\u00e9 cette formation! Je la trouve incroyable ! Et elle me parle vraiment. J&rsquo;ai h\u00e2te de pouvoir la pratiquer. Merci Maelyne &amp; Merci Sylvie !\u00a0\u00bb (Katia)<\/p><p>\u00a0<\/p><p>\u00ab\u00a0Grand merci pour cette formation cr\u00e2nio faciale. C&rsquo;est une formation parfaite car elle apporte rigueur, souplesse, et surtout confort d&rsquo;enseignement. Pour moi qui suit en retraite cela m&rsquo;a donn\u00e9 un plaisir de retrouver un enseignement tr\u00e8s participatif. A chaque fin de session je retrouvai l&rsquo;envie de d\u00e9couvrir la suite. Reste pour moi \u00e0 travailler pour une bonne application. (Jacques Daniel)<\/p><p>\u00a0<\/p><p>\u00ab\u00a0J&rsquo;ai d\u00e9j\u00e0 fait plusieurs formations avec Maelyne formations et je les trouve toujours aussi excellentes. Cette formation a \u00e9t\u00e9 particuli\u00e8rement relaxante. En regardant la vid\u00e9o sur le protocole complet, je me suis surprise \u00e0 \u00eatre compl\u00e8tement apais\u00e9e. Tr\u00e8s belles formations, quelles qu&rsquo;elles soient. Sylvie je vous f\u00e9licite, continuez \u00e0 nous transmettre votre savoir. Gratitude&#8230;\u00a0\u00bb (Nelly)<\/p><p>\u00a0<\/p><p>\u00ab\u00a0Cours tr\u00e8s complet et tr\u00e8s d\u00e9taill\u00e9. Le support papier est parfait ainsi que les vid\u00e9os. Je suis tr\u00e8s \u00e9tonn\u00e9e de la qualit\u00e9 de cette formation. Je suis tr\u00e8s satisfaite.\u00a0\u00bb (Jenny)<\/p><p>\u00a0<\/p><p>\u00ab\u00a0Je suis vraiment tr\u00e9s agr\u00e9ablement surprise par ce cours j&rsquo;ai beaucoup aim\u00e9, j&rsquo;esp\u00e9re pouvoir mettre toutes mes amies \u00e0 contribution, je ne pensais que que cette r\u00e9flexologie cr\u00e2nio faciale apportait autant de bienfaits!\u00a0\u00bb (Nathalie)<\/p><p>\u00a0<\/p><p>\u00ab\u00a0Les explications sont claires, tout est tr\u00e8s bien d\u00e9taill\u00e9. Formation R\u00e9flexologie cr\u00e2nio faciale tr\u00e8s agr\u00e9able \u00e0 suivre gr\u00e2ce aux courtes vid\u00e9os, cela permet de ne pas en avoir plein la t\u00eate d&rsquo;un seul coup! Les questions apr\u00e8s chaque partie permettent de bien assimiler les informations. Le pas \u00e0 pas pour le protocole c&rsquo;est super&#8230;et cerise sur le g\u00e2teau!&#8230;le protocole d&rsquo;une heure en entier! J&rsquo;ai vraiment appr\u00e9cier du d\u00e9but jusqu&rsquo;\u00e0 la fin. Merci beaucoup pour tout ce travail mis en place pour permettre \u00e0 d&rsquo;autres de profiter de ce savoir. Bravo \u00e0 vous, je vous souhaite une excellente continuation dans ce magnifique projet de partage.\u00a0\u00bb (Aurore)<\/p><p>\u00a0<\/p><p>\u00ab P\u00e9dagogie adapt\u00e9e gr\u00e2ce aux pas \u00e0 pas en vid\u00e9o qui permettent de bien visualiser les gestes techniques, les postures du praticien, de mettre pause et revenir en arri\u00e8re si besoin. L&rsquo; aide-m\u00e9moire et les livrets sont tr\u00e8s bien con\u00e7us et pratiques \u00e0 utiliser. Un plaisir de suivre cette formation ! Merci pour votre partage de connaissances. \u00bb (Muriel)<\/p><p>\u00a0<\/p><p>\u00ab\u00a0J&rsquo;ai ador\u00e9 cette formation en cr\u00e2nio faciale, elle est tr\u00e8s bien faite, tr\u00e8s facile \u00e0 comprendre, compl\u00e8te et tr\u00e8s accessible, tr\u00e8s claire. Je suis ravie d&rsquo;avoir choisi votre support. J&rsquo;ai appris et r\u00e9vis\u00e9 beaucoup de choses, cette m\u00e9thode va m&rsquo;apporter beaucoup. Bravo Continuez Merci beaucoup pour ce partage de savoir \ud83d\ude42\u00a0\u00bb (Coralie)<\/p><p>\u00a0<\/p><p>\u00ab\u00a0Encore une fois, ce fut avec grand plaisir que j&rsquo;ai pris part \u00e0 cette nouvelle formation en r\u00e9flexologie cr\u00e2nio faciale. J&rsquo;ai \u00e9t\u00e9 enchant\u00e9e comme d&rsquo;habitude de suivre les vid\u00e9os et les explications. R\u00e9flexologue praticienne moi-m\u00eame, c&rsquo;est toujours avec grand int\u00e9r\u00eat et assiduit\u00e9 que je suis vos formations qui m&rsquo;am\u00e8nent des pr\u00e9cisions et une autre approche dans chaque domaine. Je prends des tonnes de notes qui me sont tr\u00e8s utiles. J&rsquo;ai h\u00e2te de pratiquer ce protocole tr\u00e8s apaisant et tr\u00e8s harmonisant, autant pour la personne trait\u00e9e que pour le praticien me semble-t-il. Merci \u00e0 vous.\u00a0\u00bb (Virginie)<\/p><p>\u00a0<\/p><p>\u00ab\u00a0Cours cr\u00e2nio-facial extr\u00eamement bien fait que j&rsquo;ai d\u00e9vor\u00e9 Tout est tr\u00e8s bien expliqu\u00e9, d\u00e9taill\u00e9, les supports vid\u00e9os sont parfaits. Tr\u00e8s beau et gros travail de la part de l&rsquo;\u00e9quipe Maelyne. Merci\u00a0\u00bb (Virginie)<\/p><p>\u00a0<\/p><p>\u00ab Un peu inqui\u00e8te de commencer une formation en ligne pour la premi\u00e8re fois (j&rsquo;ai 58 ans old school!) La facilit\u00e9 d&rsquo;acc\u00e8s et la p\u00e9dagogie claire et pr\u00e9cise m&rsquo;ont enchant\u00e9 et j&rsquo;ai litt\u00e9ralement d\u00e9vor\u00e9 chaque protocole ! Merci pour la qualit\u00e9 des supports tr\u00e8s bien faits, simples et efficaces je suis absolument ravie de cette exp\u00e9rience ! Il y a la posture un peu inconfortable sur le c\u00f4t\u00e9 pour masser la personne pour le nez bouche maxillaires pommettes, l&rsquo;exp\u00e9rience m&rsquo;y aidera&#8230; Un immense merci pour cette belle formation ! \u00bb (Laurence)<\/p><p>\u00a0<\/p><p>J&rsquo;ai ador\u00e9 ce cours (Cr\u00e2nio facial). J&rsquo;ai d\u00e9j\u00e0 \u00e9t\u00e9 form\u00e9e au Kobido par une autre \u00e9cole mais je pr\u00e9f\u00e8re de loin votre protocole. C&rsquo;est le 3\u00e8me cours que j&rsquo;ach\u00e8te ; je compte bien suivre les formations manquante afin de compl\u00e9ter mes connaissances, y compris dans des techniques que je pratique d\u00e9j\u00e0. Merci beaucoup pour la qualit\u00e9 de vos cours \ud83d\ude42 (Isabelle)<\/p><p>\u00a0<\/p><p>\u00ab\u00a0Une superbe formation, tr\u00e8s pr\u00e9cis et facile, je suis r\u00e9flexologue plantaire et ca va \u00eatre un plus pour moi, et pour mes clients.\u00a0\u00bb (Sandra)\u00a0<\/p><p>\u00a0<\/p><p>\u00ab\u00a0Je suis agr\u00e9ablement surprise par la rigueur de cette formation et par le nombre de pr\u00e9cisions apport\u00e9es. Les vid\u00e9os sont pr\u00e9cieuses et les commentaires \u00e9galement. Rien ne vaut la pratique, \u00e0 moi de jouer! Merci infiniment pour ce cours.\u00a0\u00bb (B\u00e9atrice)<\/p><p>\u00a0<\/p><p>\u00ab\u00a0j&rsquo;ai appr\u00e9ci\u00e9 ce parcours. les vid\u00e9os sont tr\u00e8s claires et d\u00e9taill\u00e9es, les QCM permettent de bien voir si l&rsquo;on a bien compris le cours; cela rajoute un c\u00f4t\u00e9 ludique . il s&rsquo;agit pour ma part d&rsquo;une premi\u00e8re en mati\u00e8re de massage. Je trouve que cette vid\u00e9o d\u00e9veloppe tr\u00e8s bien chacune des \u00e9tapes du protocole. C&rsquo;est un soin complet et qui d\u00e9contracte bien chaque partie du visage, du cr\u00e2ne et de l&rsquo;oreille (&#8230;). J&rsquo;ai h\u00e2te de le tester sur des personnes autre que ma famille. Merci \u00e0 Maelyne pour cette d\u00e9couverte.\u00a0\u00bb (Marie Ange)<\/p><p>\u00a0<\/p><p>\u00a0\u00bb Je trouve que cette formation est tr\u00e8s int\u00e9ressante et tr\u00e8s bien d\u00e9taill\u00e9e . le protocole est bien expliqu\u00e9s, Que \u00e7a sois sur les \u00e9crit ou les viso. Avec cette formation j&rsquo;ai apprit \u00e9norm\u00e9ment de chose sur le corp et l&rsquo;anatomie du cr\u00e2ne. Je vous remercie pour cette formation tr\u00e8s bien faite avec une tr\u00e8s bonne p\u00e9dagogie .\u00a0\u00bb (Sabrina)<\/p><p>\u00a0<\/p><p>\u00ab\u00a0J&rsquo;ai vraiment beaucoup aim\u00e9 ce cours. J&rsquo;ai appris beaucoup de choses qui me seront utiles et il me tarde de le mettre en pratique ! Merci beaucoup \u00e0 toute l&rsquo;\u00e9quipe et tout particuli\u00e8rement \u00e0 Sylvie qui explique vraiment bien les choses. Bonne continuation \u00e0 toute l&rsquo;\u00e9quipe !\u00a0\u00bb (S\u00e9verine)<\/p>\t\t\t\t\t\t<\/div>\n\t\t\t\t<\/div>\n\t\t\t\t\t<\/div>\n\t\t<\/div>\n\t\t\t\t\t<\/div>\n\t\t<\/section>\n\t\t\t\t<\/div>\n\t\t","protected":false},"excerpt":{"rendered":"<p>Livre d&#039;Or (int\u00e9grale) (Mis \u00e0 jour chaque lundi) Que pensent nos \u00e9l\u00e8ves de nos formations ? R\u00e9flexologie CRANIO-FACIALE \u00ab\u00a0G\u00e9nialissime! J&rsquo;ai ador\u00e9! Je r\u00eave de recevoir moi-m\u00eame ce soin. D\u00e8s que cela touche le cr\u00e2no-facial les effets sont si fulgurants et efficaces. Merci pour tout ce protocole \u00e9tabli.\u00a0\u00bb (Katia)\u00a0\u00bb \u00a0 \u00ab\u00a0Explications claires, sch\u00e9mas tr\u00e8s explicites et [&hellip;]<\/p>\n","protected":false},"author":1,"featured_media":0,"parent":0,"menu_order":0,"comment_status":"closed","ping_status":"closed","template":"","meta":{"_seopress_robots_primary_cat":"","_seopress_titles_title":"","_seopress_titles_desc":"Maelyne Evolution avis, t\u00e9moignages des \u00e9l\u00e8ves, retour d'exp\u00e9rience, critiques %%post_title%% %%sitetitle%%","_seopress_robots_index":"","_monsterinsights_skip_tracking":false,"_monsterinsights_sitenote_active":false,"_monsterinsights_sitenote_note":"","_monsterinsights_sitenote_category":0},"_links":{"self":[{"href":"https:\/\/maelyneevolution.com\/index.php\/wp-json\/wp\/v2\/pages\/11535"}],"collection":[{"href":"https:\/\/maelyneevolution.com\/index.php\/wp-json\/wp\/v2\/pages"}],"about":[{"href":"https:\/\/maelyneevolution.com\/index.php\/wp-json\/wp\/v2\/types\/page"}],"author":[{"embeddable":true,"href":"https:\/\/maelyneevolution.com\/index.php\/wp-json\/wp\/v2\/users\/1"}],"replies":[{"embeddable":true,"href":"https:\/\/maelyneevolution.com\/index.php\/wp-json\/wp\/v2\/comments?post=11535"}],"version-history":[{"count":10,"href":"https:\/\/maelyneevolution.com\/index.php\/wp-json\/wp\/v2\/pages\/11535\/revisions"}],"predecessor-version":[{"id":11710,"href":"https:\/\/maelyneevolution.com\/index.php\/wp-json\/wp\/v2\/pages\/11535\/revisions\/11710"}],"wp:attachment":[{"href":"https:\/\/maelyneevolution.com\/index.php\/wp-json\/wp\/v2\/media?parent=11535"}],"curies":[{"name":"wp","href":"https:\/\/api.w.org\/{rel}","templated":true}]}}